{"id":1032,"date":"2008-02-25T09:25:22","date_gmt":"2008-02-25T08:25:22","guid":{"rendered":"http:\/\/www.bushido-lubwart.de\/wordpress\/?page_id=1032"},"modified":"2024-10-01T12:48:40","modified_gmt":"2024-10-01T11:48:40","slug":"trainer","status":"publish","type":"page","link":"https:\/\/www.bushido-lubwart.de\/wordpress\/karate-im-verein\/trainer\/","title":{"rendered":"Trainer"},"content":{"rendered":"<p><img loading=\"lazy\" decoding=\"async\" src=\"http:\/\/www.bushido-lubwart.de\/wordpress\/wp-content\/uploads\/2008\/02\/0106163_150.thumbnail.jpg\" alt=\"\" width=\"90\" height=\"110\" align=\"right\" border=\"0\" hspace=\"10\" vspace=\"10\">Auf den folgenden Seiten stellen wir Ihnen die in unserem Verein derzeit aktiven und auch die ehemaligen Trainer und Instruktoren vor.<\/p>\n<p>Wie \u00fcberall sind Sie es, denen der Verein und seine Mitglieder zu Dankbarkeit verpflichtet sind. Nur durch ihren hohen pers\u00f6nlichen Einsatz, die viele Zeit, die sie in die Vorbereitung jeder einzelnen Trainingseinheit und ihre eigene Fortbildung investieren, k\u00f6nnen wir ein Training auf hohem Niveau anbieten.<\/p>\n<p><strong>Aktive Trainer<\/strong><\/p>\n<p><a href=\"http:\/\/www.bushido-lubwart.de\/wordpress\/?page_id=1033\"><img loading=\"lazy\" decoding=\"async\" class=\"alignleft\" src=\"http:\/\/www.bushido-lubwart.de\/wordpress\/wp-content\/uploads\/2008\/02\/ralphf0115_72.jpg\" alt=\"\" width=\"72\" height=\"95\"><\/a><br \/>\n<strong><a href=\"http:\/\/www.bushido-lubwart.de\/wordpress\/?page_id=1033\">Ralph P. G\u00f6rlach<\/a><\/strong><br \/>\n(4. Dan)<\/p>\n<p>Herr G\u00f6rlach ist der Sensei unseres Vereins.<br \/>\nDurch sein Studium betreut er die Trainingsgruppen Bad Liebenwerda und Elsterwerda nur noch zeitweise.<\/p>\n<p>&nbsp;<br \/>\n&nbsp;<\/p>\n<p><a href=\"http:\/\/www.bushido-lubwart.de\/wordpress\/?page_id=1034\"><img decoding=\"async\" class=\"alignleft\" src=\"http:\/\/www.bushido-lubwart.de\/wordpress\/wp-content\/uploads\/2008\/02\/marco0103_72.jpg\" alt=\"\"><\/a><br \/>\n<strong><a href=\"http:\/\/www.bushido-lubwart.de\/wordpress\/?page_id=1034\">Marco Pfitzmann<\/a> <\/strong><br \/>\n(3. Dan)<\/p>\n<p>\u00dcbungsleiter in den Trainingsgruppen Elsterwerda.<br \/>\nBereits mit 13 Jahren war er als \u00dcbungsleiter t\u00e4tig.<\/p>\n<p>&nbsp;<br \/>\n&nbsp;<\/p>\n<p><a href=\"http:\/\/www.bushido-lubwart.de\/wordpress\/?page_id=2105\"><img decoding=\"async\" class=\"alignleft\" src=\"http:\/\/www.bushido-lubwart.de\/wordpress\/wp-content\/uploads\/2008\/03\/sven1-thumb.jpg\" alt=\"\"><\/a><a href=\"http:\/\/www.bushido-lubwart.de\/wordpress\/?page_id=2105\"><br \/>\n<strong>Sven Schr\u00f6ter<\/strong> <\/a><br \/>\n(2. Dan)<\/p>\n<p>\u00dcbungsleiter in der Trainingsgruppe Bad Liebenwerda.<br \/>\nHaupts\u00e4chlich im Kinder- und Jugendbereich t\u00e4tig.<\/p>\n<p>&nbsp;<\/p>\n<p><strong>Sophie Schulze<\/strong><\/p>\n<p>(1.Dan)<br \/>\n\u00dcbungsleiter in der Trainingsgruppe Bad Liebenwerda.<br \/>\nHaupts\u00e4chlich im Kinder- und Jugendbereich t\u00e4tig.<\/p>\n<p>&nbsp;<br \/>\n&nbsp;<\/p>\n<p><strong>Ehemalige Trainer<\/strong><\/p>\n<p><a href=\"http:\/\/www.bushido-lubwart.de\/wordpress\/?page_id=1035\"><img decoding=\"async\" class=\"alignleft\" src=\"http:\/\/www.bushido-lubwart.de\/wordpress\/wp-content\/uploads\/2008\/02\/maik2_72.jpg\" alt=\"\"><\/a><br \/>\n<strong><a href=\"http:\/\/www.bushido-lubwart.de\/wordpress\/?page_id=1035\">Maik Hinze<\/a><\/strong><br \/>\n(1. Dan)<\/p>\n<p>Assistenz-Trainer.<br \/>\nEhemals zust\u00e4ndig f\u00fcr die Trainingsgruppen Hohenleipisch und Staupitz<\/p>\n<p>&nbsp;<br \/>\n&nbsp;<\/p>\n<p><a href=\"http:\/\/www.bushido-lubwart.de\/wordpress\/?page_id=1036\"><img decoding=\"async\" class=\"alignleft\" src=\"http:\/\/www.bushido-lubwart.de\/wordpress\/wp-content\/uploads\/2008\/02\/steffenwohmann_72.jpg\" alt=\"\"><\/a><br \/>\n<strong><a href=\"http:\/\/www.bushido-lubwart.de\/wordpress\/?page_id=1036\">Steffen Wohmann<\/a><\/strong><br \/>\n(2. Kyu)<\/p>\n<p>vormals \u00dcbungsleiter in den Trainingsgruppen Gorden, Hohenleipisch und Bad Liebenwerda<\/p>\n<p>&nbsp;<br \/>\n&nbsp;<\/p>\n<p><a href=\"http:\/\/www.bushido-lubwart.de\/wordpress\/?page_id=1037\"><img decoding=\"async\" class=\"alignleft\" src=\"http:\/\/www.bushido-lubwart.de\/wordpress\/wp-content\/uploads\/2008\/02\/thomas4_72.jpg\" alt=\"\"><\/a><br \/>\n<strong><a href=\"http:\/\/www.bushido-lubwart.de\/wordpress\/?page_id=1037\">Thomas M\u00fcller<\/a><\/strong><br \/>\n(1. Dan)<\/p>\n<p>vormals \u00dcbungsleiter in den Trainingsgruppen Bad Liebenwerda und Elsterwerda<\/p>\n<p>&nbsp;<br \/>\n&nbsp;<\/p>\n<p><strong>Richard Vetter<\/strong><br \/>\n(1. Dan)<br \/>\nEhemaliger&nbsp;FSJler.<br \/>\nEr betreute Schul-AGs und Trainingsgruppen in Elsterwerda und Bad Liebenwerda.<\/p>\n<p>&nbsp;<br \/>\n&nbsp;<\/p>\n<p><img decoding=\"async\" class=\"alignleft\" src=\"http:\/\/www.bushido-lubwart.de\/wordpress\/wp-content\/uploads\/2008\/03\/christian-thumb1.jpg\" alt=\"\"><br \/>\n<strong>Christian Kieschnick<\/strong><br \/>\n(2. Dan)<\/p>\n<p>Ehemaliger FSJler.<br \/>\nEr war haupts\u00e4chlich zust\u00e4ndig f\u00fcr die Arbeitsgemeinschaften an den Schulen in Pr\u00f6sen und Wahrenbr\u00fcck.<\/p>\n","protected":false},"excerpt":{"rendered":"<p>Auf den folgenden Seiten stellen wir Ihnen die in unserem Verein derzeit aktiven und auch die ehemaligen Trainer und Instruktoren vor. Wie \u00fcberall sind Sie es, denen der Verein und seine Mitglieder zu Dankbarkeit verpflichtet sind. Nur durch ihren hohen pers\u00f6nlichen Einsatz, die viele Zeit, die sie in die Vorbereitung jeder einzelnen Trainingseinheit und ihre [&hellip;]<\/p>\n","protected":false},"author":2,"featured_media":0,"parent":1030,"menu_order":2,"comment_status":"open","ping_status":"open","template":"","meta":{"ngg_post_thumbnail":0,"footnotes":""},"class_list":["post-1032","page","type-page","status-publish","hentry"],"_links":{"self":[{"href":"https:\/\/www.bushido-lubwart.de\/wordpress\/wp-json\/wp\/v2\/pages\/1032"}],"collection":[{"href":"https:\/\/www.bushido-lubwart.de\/wordpress\/wp-json\/wp\/v2\/pages"}],"about":[{"href":"https:\/\/www.bushido-lubwart.de\/wordpress\/wp-json\/wp\/v2\/types\/page"}],"author":[{"embeddable":true,"href":"https:\/\/www.bushido-lubwart.de\/wordpress\/wp-json\/wp\/v2\/users\/2"}],"replies":[{"embeddable":true,"href":"https:\/\/www.bushido-lubwart.de\/wordpress\/wp-json\/wp\/v2\/comments?post=1032"}],"version-history":[{"count":26,"href":"https:\/\/www.bushido-lubwart.de\/wordpress\/wp-json\/wp\/v2\/pages\/1032\/revisions"}],"predecessor-version":[{"id":3693,"href":"https:\/\/www.bushido-lubwart.de\/wordpress\/wp-json\/wp\/v2\/pages\/1032\/revisions\/3693"}],"up":[{"embeddable":true,"href":"https:\/\/www.bushido-lubwart.de\/wordpress\/wp-json\/wp\/v2\/pages\/1030"}],"wp:attachment":[{"href":"https:\/\/www.bushido-lubwart.de\/wordpress\/wp-json\/wp\/v2\/media?parent=1032"}],"curies":[{"name":"wp","href":"https:\/\/api.w.org\/{rel}","templated":true}]}}