{"id":1600,"date":"2008-03-04T10:35:03","date_gmt":"2008-03-04T09:35:03","guid":{"rendered":"http:\/\/www.bushido-lubwart.de\/wordpress\/?page_id=1600"},"modified":"2011-05-17T09:15:00","modified_gmt":"2011-05-17T08:15:00","slug":"spreewaldpokal-1999","status":"publish","type":"page","link":"http:\/\/www.bushido-lubwart.de\/wordpress\/karate-im-verein\/erfolge\/spreewaldpokal-1999\/","title":{"rendered":"Spreewaldpokal 1999"},"content":{"rendered":"<p>Wir nahmen am Kata-Spreewaldpokal 1999 in L\u00fcbbenau mit insgesamt 8 Startern teil und konnten immerhin 5 Medaillen &#8211; darunter 3 Meistertitel erk\u00e4mpfen.<\/p>\n<table CLASS=\"\">\n<tr>\n<td CLASS=\"\">Platzierung<\/td>\n<td CLASS=\"\">Disziplin<\/td>\n<td CLASS=\"\">Name<\/td>\n<\/tr>\n<tr>\n<td CLASS=\"\">1. Platz<\/td>\n<td CLASS=\"\">Kata<\/td>\n<td CLASS=\"\">Tom Pokryfke (9 Jahre)<\/td>\n<\/tr>\n<tr>\n<td CLASS=\"\">1. Platz<\/td>\n<td CLASS=\"\">Kata<\/td>\n<td CLASS=\"\">Christian M\u00fcller (18 Jahre)<\/td>\n<\/tr>\n<tr>\n<td CLASS=\"\">1. Platz<\/td>\n<td CLASS=\"\">Kata<\/td>\n<td CLASS=\"\">Benno D\u00f6rfer (20 Jahre)<\/td>\n<\/tr>\n<tr>\n<td CLASS=\"\">3. Platz<\/td>\n<td CLASS=\"\">Kata<\/td>\n<td CLASS=\"\">Marco Ke\u00dfler (18 Jahre)<\/td>\n<\/tr>\n<tr>\n<td CLASS=\"\">3. Platz<\/td>\n<td CLASS=\"\">Kata<\/td>\n<td CLASS=\"\">Kristin Heller (16 Jahre)<\/td>\n<\/tr>\n<\/table>\n","protected":false},"excerpt":{"rendered":"<p>Wir nahmen am Kata-Spreewaldpokal 1999 in L\u00fcbbenau mit insgesamt 8 Startern teil und konnten immerhin 5 Medaillen &#8211; darunter 3 Meistertitel erk\u00e4mpfen. Platzierung Disziplin Name 1. Platz Kata Tom Pokryfke (9 Jahre) 1. Platz Kata Christian M\u00fcller (18 Jahre) 1. Platz Kata Benno D\u00f6rfer (20 Jahre) 3. Platz Kata Marco Ke\u00dfler (18 Jahre) 3. Platz [&hellip;]<\/p>\n","protected":false},"author":2,"featured_media":0,"parent":1038,"menu_order":7,"comment_status":"open","ping_status":"closed","template":"","meta":{"ngg_post_thumbnail":0,"footnotes":""},"class_list":["post-1600","page","type-page","status-publish","hentry"],"_links":{"self":[{"href":"http:\/\/www.bushido-lubwart.de\/wordpress\/wp-json\/wp\/v2\/pages\/1600"}],"collection":[{"href":"http:\/\/www.bushido-lubwart.de\/wordpress\/wp-json\/wp\/v2\/pages"}],"about":[{"href":"http:\/\/www.bushido-lubwart.de\/wordpress\/wp-json\/wp\/v2\/types\/page"}],"author":[{"embeddable":true,"href":"http:\/\/www.bushido-lubwart.de\/wordpress\/wp-json\/wp\/v2\/users\/2"}],"replies":[{"embeddable":true,"href":"http:\/\/www.bushido-lubwart.de\/wordpress\/wp-json\/wp\/v2\/comments?post=1600"}],"version-history":[{"count":1,"href":"http:\/\/www.bushido-lubwart.de\/wordpress\/wp-json\/wp\/v2\/pages\/1600\/revisions"}],"predecessor-version":[{"id":2082,"href":"http:\/\/www.bushido-lubwart.de\/wordpress\/wp-json\/wp\/v2\/pages\/1600\/revisions\/2082"}],"up":[{"embeddable":true,"href":"http:\/\/www.bushido-lubwart.de\/wordpress\/wp-json\/wp\/v2\/pages\/1038"}],"wp:attachment":[{"href":"http:\/\/www.bushido-lubwart.de\/wordpress\/wp-json\/wp\/v2\/media?parent=1600"}],"curies":[{"name":"wp","href":"https:\/\/api.w.org\/{rel}","templated":true}]}}