{"id":1591,"date":"2008-03-04T10:19:07","date_gmt":"2008-03-04T09:19:07","guid":{"rendered":"http:\/\/www.bushido-lubwart.de\/wordpress\/?page_id=1591"},"modified":"2011-05-17T09:20:04","modified_gmt":"2011-05-17T08:20:04","slug":"landesmeisterschaften-1996","status":"publish","type":"page","link":"http:\/\/www.bushido-lubwart.de\/wordpress\/karate-im-verein\/erfolge\/landesmeisterschaften-1996\/","title":{"rendered":"LM 1996"},"content":{"rendered":"<p>Die Landesmeisterschaften 1996 in Demmin waren die ersten Meisterschaften \u00fcberhaupt, an denen unser Verein teilnahm. Die 9 Starter waren \u00e4u\u00dferst erfolgreich, gleichwohl sie noch \u00fcber keinerlei Wettkampferfahrung verf\u00fcgten.<\/p>\n<table CLASS=\"\">\n<tr>\n<td CLASS=\"\">Platzierung<\/td>\n<td CLASS=\"\">Disziplin<\/td>\n<td CLASS=\"\">Name<\/td>\n<\/tr>\n<tr>\n<td CLASS=\"\">1. Platz<\/td>\n<td CLASS=\"\">Kumite<\/td>\n<td CLASS=\"\">Marco Ke\u00dfler (15 Jahre)<\/td>\n<\/tr>\n<tr>\n<td CLASS=\"\">3. Platz<\/td>\n<td CLASS=\"\">Kumite<\/td>\n<td CLASS=\"\">Thomas M\u00fcller (15 Jahre)<\/td>\n<\/tr>\n<tr>\n<td CLASS=\"\">3. Platz<\/td>\n<td CLASS=\"\">Kumite<\/td>\n<td CLASS=\"\">Marco Naumann (21 Jahre)<\/td>\n<\/tr>\n<tr>\n<td CLASS=\"\">3. Platz<\/td>\n<td CLASS=\"\">Kumite<\/td>\n<td CLASS=\"\">Christian Kreutzmann (14 Jahre)<\/td>\n<\/tr>\n<tr>\n<td CLASS=\"\">1. Platz<\/td>\n<td CLASS=\"\">Kata<\/td>\n<td CLASS=\"\">Marco Ke\u00dfler (15 Jahre)<\/td>\n<\/tr>\n<tr>\n<td CLASS=\"\">2. Platz<\/td>\n<td CLASS=\"\">Kata<\/td>\n<td CLASS=\"\">Maik Hinze (28 Jahre)<\/td>\n<\/tr>\n<tr>\n<td CLASS=\"\">2. Platz<\/td>\n<td CLASS=\"\">Kata<\/td>\n<td CLASS=\"\">Kristin Heller (15 Jahre)<\/td>\n<\/tr>\n<tr>\n<td CLASS=\"\">3. Platz<\/td>\n<td CLASS=\"\">Kata<\/td>\n<td CLASS=\"\">Thomas M\u00fcller (15 Jahre)<\/td>\n<\/tr>\n<tr>\n<td CLASS=\"\">3. Platz<\/td>\n<td CLASS=\"\">Kata<\/td>\n<td CLASS=\"\">Steffen Wohmann (29 Jahre)<\/td>\n<\/tr>\n<tr>\n<td CLASS=\"\">3. Platz<\/td>\n<td CLASS=\"\">Kata<\/td>\n<td CLASS=\"\">Christian Kreutzmann (14 Jahre)<\/td>\n<\/tr>\n<tr>\n<td CLASS=\"\">3. Platz<\/td>\n<td CLASS=\"\">Kata<\/td>\n<td CLASS=\"\">Marco Naumann (21 Jahre)<\/td>\n<\/tr>\n<\/table>\n","protected":false},"excerpt":{"rendered":"<p>Die Landesmeisterschaften 1996 in Demmin waren die ersten Meisterschaften \u00fcberhaupt, an denen unser Verein teilnahm. Die 9 Starter waren \u00e4u\u00dferst erfolgreich, gleichwohl sie noch \u00fcber keinerlei Wettkampferfahrung verf\u00fcgten. Platzierung Disziplin Name 1. Platz Kumite Marco Ke\u00dfler (15 Jahre) 3. Platz Kumite Thomas M\u00fcller (15 Jahre) 3. Platz Kumite Marco Naumann (21 Jahre) 3. Platz Kumite [&hellip;]<\/p>\n","protected":false},"author":2,"featured_media":0,"parent":1038,"menu_order":14,"comment_status":"open","ping_status":"closed","template":"","meta":{"ngg_post_thumbnail":0,"footnotes":""},"class_list":["post-1591","page","type-page","status-publish","hentry"],"_links":{"self":[{"href":"http:\/\/www.bushido-lubwart.de\/wordpress\/wp-json\/wp\/v2\/pages\/1591"}],"collection":[{"href":"http:\/\/www.bushido-lubwart.de\/wordpress\/wp-json\/wp\/v2\/pages"}],"about":[{"href":"http:\/\/www.bushido-lubwart.de\/wordpress\/wp-json\/wp\/v2\/types\/page"}],"author":[{"embeddable":true,"href":"http:\/\/www.bushido-lubwart.de\/wordpress\/wp-json\/wp\/v2\/users\/2"}],"replies":[{"embeddable":true,"href":"http:\/\/www.bushido-lubwart.de\/wordpress\/wp-json\/wp\/v2\/comments?post=1591"}],"version-history":[{"count":2,"href":"http:\/\/www.bushido-lubwart.de\/wordpress\/wp-json\/wp\/v2\/pages\/1591\/revisions"}],"predecessor-version":[{"id":2101,"href":"http:\/\/www.bushido-lubwart.de\/wordpress\/wp-json\/wp\/v2\/pages\/1591\/revisions\/2101"}],"up":[{"embeddable":true,"href":"http:\/\/www.bushido-lubwart.de\/wordpress\/wp-json\/wp\/v2\/pages\/1038"}],"wp:attachment":[{"href":"http:\/\/www.bushido-lubwart.de\/wordpress\/wp-json\/wp\/v2\/media?parent=1591"}],"curies":[{"name":"wp","href":"https:\/\/api.w.org\/{rel}","templated":true}]}}