{"id":1207,"date":"2008-02-26T12:10:08","date_gmt":"2008-02-26T11:10:08","guid":{"rendered":"http:\/\/www.bushido-lubwart.de\/wordpress\/?page_id=1207"},"modified":"2008-02-27T09:06:23","modified_gmt":"2008-02-27T08:06:23","slug":"prufungsordnung-dkv","status":"publish","type":"page","link":"http:\/\/www.bushido-lubwart.de\/wordpress\/karate-and-more\/prufungen\/prufungsordnung-dkv\/","title":{"rendered":"Pr\u00fcfungsordnung DKV"},"content":{"rendered":"<p>Das Pr\u00fcfungsprogramms der Sektion Shotokan im Deutschen Karate Verband (DKV), dem gr\u00f6\u00dften Karate-Verband in Deutschland<\/p>\n<p><strong><a HREF=\"http:\/\/www.bushido-lubwart.de\/wordpress\/?page_id=1208\">Vorwort zur Pr\u00fcfungsordnung<\/a><\/strong> Vorbemerkungen<\/p>\n<p><strong><a HREF=\"http:\/\/www.bushido-lubwart.de\/wordpress\/?page_id=1209\">Schwerpunkte<\/a><\/strong> besondere Schwerpunkte in der Ausbildung<\/p>\n<p><strong><a HREF=\"http:\/\/www.bushido-lubwart.de\/wordpress\/?page_id=1210\">Dan-Grade<\/a><\/strong> Dan sein hei\u00dft Vorbild sein!<\/p>\n<p><strong><a HREF=\"http:\/\/www.bushido-lubwart.de\/wordpress\/?page_id=1211\">Kihon<\/a><\/strong> Grunds\u00e4tze f\u00fcr Kihon<\/p>\n<p><strong><a HREF=\"http:\/\/www.bushido-lubwart.de\/wordpress\/?page_id=1212\">Kumite<\/a><\/strong> Grunds\u00e4tze f\u00fcr Partner\u00fcbungen zum Freikampf<\/p>\n<p><a HREF=\"http:\/\/www.bushido-lubwart.de\/wordpress\/?page_id=1213\"><strong>Sonstiges<\/strong><\/a> Verschiedenes<\/p>\n<ul>\n<li><strong><a HREF=\"http:\/\/www.bushido-lubwart.de\/wordpress\/?page_id=1214\">9. Kyu<\/a><\/strong> Unterstufe &#8211; Pr\u00fcfungsprogramm zum wei\u00dfen G\u00fcrtel<\/li>\n<li><a HREF=\"http:\/\/www.bushido-lubwart.de\/wordpress\/?page_id=1215\"><strong>8. Kyu<\/strong><\/a> Unterstufe &#8211; Pr\u00fcfungsprogramm zum gelben G\u00fcrtel<\/li>\n<li><strong><a HREF=\"http:\/\/www.bushido-lubwart.de\/wordpress\/?page_id=1216\">7. Kyu<\/a><\/strong> Unterstufe &#8211; Pr\u00fcfungsprogramm zum orangefarbenen G\u00fcrtel<\/li>\n<li><strong><a HREF=\"http:\/\/www.bushido-lubwart.de\/wordpress\/?page_id=1217\">6. Kyu<\/a><\/strong> Unterstufe &#8211; Pr\u00fcfungsprogramm zum gr\u00fcnen G\u00fcrtel<\/li>\n<li><strong><a HREF=\"http:\/\/www.bushido-lubwart.de\/wordpress\/?page_id=1218\">5. Kyu<\/a><\/strong> Unterstufe &#8211; Pr\u00fcfungsprogramm zum 1. blauen G\u00fcrtel<\/li>\n<li><strong><a HREF=\"http:\/\/www.bushido-lubwart.de\/wordpress\/?page_id=1219\">4. Kyu<\/a><\/strong> Mittelstufe &#8211; Pr\u00fcfungsprogramm zum 2. blauen G\u00fcrtel<\/li>\n<li><strong><a HREF=\"http:\/\/www.bushido-lubwart.de\/wordpress\/?page_id=1220\">3. Kyu<\/a><\/strong> Mittelstufe &#8211; Pr\u00fcfungsprogramm zum 1. braunen G\u00fcrtel<\/li>\n<li><strong><a HREF=\"http:\/\/www.bushido-lubwart.de\/wordpress\/?page_id=1221\">2. Kyu<\/a><\/strong> Mittelstufe &#8211; Pr\u00fcfungsprogramm zum 2. braunen G\u00fcrtel<\/li>\n<li><a HREF=\"http:\/\/www.bushido-lubwart.de\/wordpress\/?page_id=1222\"><strong>1. Kyu<\/strong><\/a> Oberstufe &#8211; Pr\u00fcfungsprogramm zum 3. braunen G\u00fcrtel<\/li>\n<li><strong><a HREF=\"http:\/\/www.bushido-lubwart.de\/wordpress\/?page_id=1223\">1. Dan<\/a><\/strong> Oberstufe &#8211; Pr\u00fcfungsprogramm zum 1. schwarzen G\u00fcrtel<\/li>\n<li><strong><a HREF=\"http:\/\/www.bushido-lubwart.de\/wordpress\/?page_id=1224\">2. Dan<\/a><\/strong> Oberstufe &#8211; Pr\u00fcfungsprogramm zum 2. schwarzen G\u00fcrtel<\/li>\n<li><strong><a HREF=\"http:\/\/www.bushido-lubwart.de\/wordpress\/?page_id=1225\">3. Dan<\/a><\/strong> Oberstufe &#8211; Pr\u00fcfungsprogramm zum 3. schwarzen G\u00fcrtel<\/li>\n<li><strong><a HREF=\"http:\/\/www.bushido-lubwart.de\/wordpress\/?page_id=1226\">4. Dan<\/a><\/strong> Oberstufe &#8211; Pr\u00fcfungsprogramm zum 4. schwarzen G\u00fcrtel<\/li>\n<li><strong><a HREF=\"http:\/\/www.bushido-lubwart.de\/wordpress\/?page_id=1227\">5. Dan<\/a><\/strong> Oberstufe &#8211; Pr\u00fcfungsprogramm zum 5. schwarzen G\u00fcrtel<\/li>\n<li><strong><a HREF=\"http:\/\/www.bushido-lubwart.de\/wordpress\/?page_id=1228\">6. Dan<\/a><\/strong> Oberstufe &#8211; Pr\u00fcfungsprogramm zum 6. schwarzen G\u00fcrtel<\/li>\n<li><strong><a HREF=\"http:\/\/www.bushido-lubwart.de\/wordpress\/?page_id=1229\">7. Dan<\/a><\/strong> Oberstufe &#8211; Pr\u00fcfungsprogramm zum 7. schwarzen G\u00fcrtel<\/li>\n<\/ul>\n<p><strong><a HREF=\"http:\/\/www.bushido-lubwart.de\/wordpress\/?page_id=1230\">Kumiteformen<\/a><\/strong> Beschreibung der Kumiteformen<\/p>\n","protected":false},"excerpt":{"rendered":"<p>Das Pr\u00fcfungsprogramms der Sektion Shotokan im Deutschen Karate Verband (DKV), dem gr\u00f6\u00dften Karate-Verband in Deutschland Vorwort zur Pr\u00fcfungsordnung Vorbemerkungen Schwerpunkte besondere Schwerpunkte in der Ausbildung Dan-Grade Dan sein hei\u00dft Vorbild sein! Kihon Grunds\u00e4tze f\u00fcr Kihon Kumite Grunds\u00e4tze f\u00fcr Partner\u00fcbungen zum Freikampf Sonstiges Verschiedenes 9. Kyu Unterstufe &#8211; Pr\u00fcfungsprogramm zum wei\u00dfen G\u00fcrtel 8. Kyu Unterstufe &#8211; [&hellip;]<\/p>\n","protected":false},"author":2,"featured_media":0,"parent":1168,"menu_order":3,"comment_status":"open","ping_status":"open","template":"","meta":{"ngg_post_thumbnail":0,"footnotes":""},"class_list":["post-1207","page","type-page","status-publish","hentry"],"_links":{"self":[{"href":"http:\/\/www.bushido-lubwart.de\/wordpress\/wp-json\/wp\/v2\/pages\/1207"}],"collection":[{"href":"http:\/\/www.bushido-lubwart.de\/wordpress\/wp-json\/wp\/v2\/pages"}],"about":[{"href":"http:\/\/www.bushido-lubwart.de\/wordpress\/wp-json\/wp\/v2\/types\/page"}],"author":[{"embeddable":true,"href":"http:\/\/www.bushido-lubwart.de\/wordpress\/wp-json\/wp\/v2\/users\/2"}],"replies":[{"embeddable":true,"href":"http:\/\/www.bushido-lubwart.de\/wordpress\/wp-json\/wp\/v2\/comments?post=1207"}],"version-history":[{"count":0,"href":"http:\/\/www.bushido-lubwart.de\/wordpress\/wp-json\/wp\/v2\/pages\/1207\/revisions"}],"up":[{"embeddable":true,"href":"http:\/\/www.bushido-lubwart.de\/wordpress\/wp-json\/wp\/v2\/pages\/1168"}],"wp:attachment":[{"href":"http:\/\/www.bushido-lubwart.de\/wordpress\/wp-json\/wp\/v2\/media?parent=1207"}],"curies":[{"name":"wp","href":"https:\/\/api.w.org\/{rel}","templated":true}]}}