{"id":1031,"date":"2008-02-25T09:18:38","date_gmt":"2008-02-25T08:18:38","guid":{"rendered":"http:\/\/www.bushido-lubwart.de\/wordpress\/?page_id=1031"},"modified":"2025-10-27T09:45:00","modified_gmt":"2025-10-27T08:45:00","slug":"trainingszeiten","status":"publish","type":"page","link":"http:\/\/www.bushido-lubwart.de\/wordpress\/","title":{"rendered":"Trainingszeiten"},"content":{"rendered":"<figure class=\"wp-block-table\">\n<table style=\"width: 95.8333%;\">\n<tbody>\n<tr>\n<td style=\"width: 100%;\">\n<p align=\"left\"><img loading=\"lazy\" decoding=\"async\" src=\"http:\/\/www.bushido-lubwart.de\/wordpress\/wp-content\/uploads\/2008\/02\/kumite_150.jpg\" alt=\"\" width=\"150\" height=\"112\" align=\"right\" border=\"0\" hspace=\"10\" vspace=\"10\">Dieser \u00dcbersicht k\u00f6nnen Sie die Trainingsgruppen, -termine, -leiter und -orte entnehmen. Stand: Oktober\/2024<\/p>\n<p>&nbsp;<\/p>\n<p>An gesetzlichen Feiertagen findet kein Training statt; zu Ferienzeiten ist das Training eingeschr\u00e4nkt m\u00f6glich. Regelm\u00e4\u00dfiges Training findet in den Ferien nur in Elsterwerda statt.<\/p>\n<p>Hier gehts zu den Neuigkeiten und aktuelle Beitr\u00e4ge rund um das Training.<\/p>\n<\/td>\n<\/tr>\n<\/tbody>\n<\/table>\n<p>&nbsp;<\/p>\n<\/figure>\n\n\n<figure class=\"wp-block-table\"><table><tbody><tr><td><strong>Wer<\/strong><\/td><td><strong>Wann<\/strong><\/td><td><strong>Wo<\/strong><\/td><td><strong>Bei wem<\/strong><\/td><\/tr><tr><td>Kinder, Jugend und Erwachsene<br>(Anf\u00e4nger und Fortgeschrittene)<\/td><td><strong>Dienstag<\/strong><br>18.00 &#8211; 19.00 Uhr Kinder<br>bis 19.30 Uhr<br>Erwachsene<\/td><td><strong>Bad Liebenwerda<\/strong><br>Turnhalle Stadtschule Robert Reiss<\/td><td>Hr. Schr\u00f6ter<br>Fr. Schulze<\/td><\/tr><tr><td>Kinder, Jugend und Erwachsene<br>(Anf\u00e4nger und Fortgeschrittene)<\/td><td><strong>Donnerstag<\/strong><br>18.00 &#8211; 19.00 Uhr Kinder<br>bis 19.30 Uhr<br>Erwachsene<\/td><td><strong>Bad Liebenwerda<\/strong><br>Turnhalle Stadtschule Robert Reiss<\/td><td>Hr. Schr\u00f6ter<br>Fr. Schulze<\/td><\/tr><tr><td>Kinder, Jugend und Erwachsene<br>(Anf\u00e4nger und Mittelstufe)<\/td><td><strong>Samstag<\/strong><br>9.30 &#8211; 11.00 Uhr<\/td><td><strong>Elsterwerda<\/strong><br>Turnhalle OSZ Feldstra\u00dfe (Eingang gegen\u00fcber der Neuapostolischen Kirche)<\/td><td><br><a href=\"http:\/\/www.bushido-lubwart.de\/wordpress\/?page_id=1034\">Hr. Pfitzmann<\/a><\/td><\/tr><tr><td>Kinder, Jugend und Erwachsene<br>(Fortgeschrittene)<\/td><td><strong>Samstag<\/strong><br>9.30 &#8211; 11.00 Uhr<\/td><td><strong>Elsterwerda<\/strong><br>Turnhalle OSZ Feldstra\u00dfe (Eingang gegen\u00fcber der Neuapostolischen Kirche)<\/td><td><a href=\"http:\/\/www.bushido-lubwart.de\/wordpress\/?page_id=1034\">Hr. Pfitzmann<\/a><\/td><\/tr><\/tbody><\/table><\/figure>\n\n\n\n<p><a href=\"http:\/\/www.bushido-lubwart.de\/wordpress\/?page_id=1030\"><strong>Weitere Informationen zu Karate im Bushido Lubwart Bad Liebenwerda e.V.<\/strong><\/a><\/p>\n","protected":false},"excerpt":{"rendered":"<p>Dieser \u00dcbersicht k\u00f6nnen Sie die Trainingsgruppen, -termine, -leiter und -orte entnehmen. Stand: Oktober\/2024 &nbsp; An gesetzlichen Feiertagen findet kein Training statt; zu Ferienzeiten ist das Training eingeschr\u00e4nkt m\u00f6glich. Regelm\u00e4\u00dfiges Training findet in den Ferien nur in Elsterwerda statt. Hier gehts zu den Neuigkeiten und aktuelle Beitr\u00e4ge rund um das Training. &nbsp; Wer Wann Wo Bei [&hellip;]<\/p>\n","protected":false},"author":2,"featured_media":0,"parent":1030,"menu_order":1,"comment_status":"open","ping_status":"open","template":"","meta":{"ngg_post_thumbnail":0,"footnotes":""},"class_list":["post-1031","page","type-page","status-publish","hentry"],"_links":{"self":[{"href":"http:\/\/www.bushido-lubwart.de\/wordpress\/wp-json\/wp\/v2\/pages\/1031"}],"collection":[{"href":"http:\/\/www.bushido-lubwart.de\/wordpress\/wp-json\/wp\/v2\/pages"}],"about":[{"href":"http:\/\/www.bushido-lubwart.de\/wordpress\/wp-json\/wp\/v2\/types\/page"}],"author":[{"embeddable":true,"href":"http:\/\/www.bushido-lubwart.de\/wordpress\/wp-json\/wp\/v2\/users\/2"}],"replies":[{"embeddable":true,"href":"http:\/\/www.bushido-lubwart.de\/wordpress\/wp-json\/wp\/v2\/comments?post=1031"}],"version-history":[{"count":22,"href":"http:\/\/www.bushido-lubwart.de\/wordpress\/wp-json\/wp\/v2\/pages\/1031\/revisions"}],"predecessor-version":[{"id":3703,"href":"http:\/\/www.bushido-lubwart.de\/wordpress\/wp-json\/wp\/v2\/pages\/1031\/revisions\/3703"}],"up":[{"embeddable":true,"href":"http:\/\/www.bushido-lubwart.de\/wordpress\/wp-json\/wp\/v2\/pages\/1030"}],"wp:attachment":[{"href":"http:\/\/www.bushido-lubwart.de\/wordpress\/wp-json\/wp\/v2\/media?parent=1031"}],"curies":[{"name":"wp","href":"https:\/\/api.w.org\/{rel}","templated":true}]}}